{"id":41,"date":"2022-08-08T10:23:31","date_gmt":"2022-08-08T08:23:31","guid":{"rendered":"http:\/\/otvayde.cluster030.hosting.ovh.net\/?page_id=41"},"modified":"2022-08-08T10:23:32","modified_gmt":"2022-08-08T08:23:32","slug":"photographe-mariage-normandie-bretagne-franche-comte-et-partout-en-france","status":"publish","type":"page","link":"http:\/\/otvayde.cluster030.hosting.ovh.net\/index.php\/photographe-mariage-normandie-bretagne-franche-comte-et-partout-en-france\/","title":{"rendered":"Photographe mariage Normandie, Bretagne, Franche-Comt\u00e9 et partout en France."},"content":{"rendered":"\n<p>Vous envisagez de prendre un photographe pour votre mariage et mon travail a piqu\u00e9 votre curiosit\u00e9 !<\/p>\n\n\n\n<p>Je r\u00eave de vous rencontrer afin qu'on puisse \u00e9changer sur le sujet pour cerner vos d\u00e9sirs et vos attentes ce qui me permettra de mettre en place une prestation personnalis\u00e9e, qui soit en phase avec vos attentes.<\/p>\n\n\n\n<p>En attendant que cela se fasse, je vais vous expliquer l\u2019int\u00e9r\u00eat d\u2019un photographe professionnel.<\/p>\n\n\n\n<p>Pourquoi faire appel \u00e0 un photographe pour immortaliser son mariage ? la r\u00e9ponse est simple et \u00e9vidente, il est important d'immortaliser ce souvenir avec la qualit\u00e9 qu'il m\u00e9rite et l'\u00e9motion qu'il engendre afin de cr\u00e9er de l\u2019intemporel.<\/p>\n\n\n\n<p>L\u00e0 o\u00f9 la m\u00e9moire a ses limites, rendant flou certains souvenirs, les photographies les captent et vous permets de les revivre.<\/p>\n\n\n\n<p>Mais si la r\u00e9ponse est simple, le choix ne l\u2019est pas toujours. Alors, pourquoi me choisir moi?<\/p>\n\n\n\n<p>Mon regard sur votre mariage est similaire \u00e0 un reportage avec aucune directive (sauf pour la s\u00e9ance couple\/groupe o\u00f9 je vous guiderai), et ce afin de saisir la spontan\u00e9it\u00e9, de figer ces moments forts ainsi que ceux qui vous \u00e9chapperont. Je me m\u00eale aux invit\u00e9s pour mieux saisir cette intimit\u00e9, ce moment de partage, ces souvenirs plein d\u2019\u00e9motions qui seront un t\u00e9moignage de cette journ\u00e9e qui traversera le temps.<\/p>\n\n\n\n<p>Ce qui est important pour moi et pour cr\u00e9er tout cela, est de vous rencontrer les mois pr\u00e9c\u00e9dents votre mariage et ce afin de cr\u00e9er ce lien unique ce qui me permettra de mieux saisir votre aura, votre parcours de vie, votre amour et de vous mettre \u00e0 l\u2019aise.<\/p>\n\n\n\n<p>Mes prestations, et par cons\u00e9quent, mes tarifs sont flexibles en fonction, de vos attentes alors n\u2019h\u00e9sitez pas \u00e0 me contacter afin que l\u2019on puisse \u00e9changer de mani\u00e8re \u00e0 avoir un devis adapt\u00e9 pour un reportage unique. Selon le forfait que vous choisissez, cela peut inclure: une s\u00e9ance d\u2019engagement, les pr\u00e9paratifs des mari\u00e9s, la c\u00e9r\u00e9monie civile, la c\u00e9r\u00e9monie religieuse\/ou la\u00efque, une s\u00e9ance couple, des photos de groupe, le vin d\u2019honneur\/cocktail, la soir\u00e9e, etc.<\/p>\n\n\n\n<p>J'exerce dans le grand ouest (Normandie, Bretagne) mais aussi dans ma magnifique r\u00e9gion d\u2019origine : la Franche-Comt\u00e9, mais ce qui me caract\u00e9rise le plus c\u2019est mon ouverture d\u2019esprit donc g\u00e9ographique, je suis pr\u00eate \u00e0 de nouvelle d\u00e9couverte.<\/p>\n","protected":false},"excerpt":{"rendered":"<p>Vous envisagez de prendre un photographe pour votre mariage et mon travail a piqu\u00e9 votre curiosit\u00e9 ! Je r\u00eave de vous rencontrer afin qu&#8217;on puisse \u00e9changer sur le sujet pour cerner vos d\u00e9sirs et vos attentes ce qui me permettra de mettre en place une prestation personnalis\u00e9e, qui soit en phase avec vos attentes. En&#8230;<\/p>\n","protected":false},"author":1,"featured_media":0,"parent":0,"menu_order":0,"comment_status":"closed","ping_status":"closed","template":"","meta":{"footnotes":""},"class_list":["post-41","page","type-page","status-publish","hentry"],"fbg_featured_image_src":{"full":false,"thumbnail":false,"medium":false,"medium_large":false,"large":false,"1536x1536":false,"2048x2048":false},"fbg_excerpt":"Vous envisagez de prendre un photographe pour votre mariage et mon travail a piqu\u00e9 votre curiosit\u00e9 ! Je r\u00eave de vous rencontrer afin qu'on puisse \u00e9changer sur le sujet pour cerner vos d\u00e9sirs et vos attentes ce qui me permettra de mettre en place une prestation personnalis\u00e9e, qui soit en phase avec vos attentes. En...","yoast_head":"<!-- This site is optimized with the Yoast SEO plugin v27.5 - https:\/\/yoast.com\/product\/yoast-seo-wordpress\/ -->\n<title>Photographe mariage Normandie, Bretagne, Franche-Comt\u00e9 et partout en France. - Diphile-Photographie<\/title>\n<meta name=\"robots\" content=\"index, follow, max-snippet:-1, max-image-preview:large, max-video-preview:-1\" \/>\n<link rel=\"canonical\" href=\"http:\/\/otvayde.cluster030.hosting.ovh.net\/index.php\/photographe-mariage-normandie-bretagne-franche-comte-et-partout-en-france\/\" \/>\n<meta property=\"og:locale\" content=\"fr_FR\" \/>\n<meta property=\"og:type\" content=\"article\" \/>\n<meta property=\"og:title\" content=\"Photographe mariage Normandie, Bretagne, Franche-Comt\u00e9 et partout en France. - Diphile-Photographie\" \/>\n<meta property=\"og:description\" content=\"Vous envisagez de prendre un photographe pour votre mariage et mon travail a piqu\u00e9 votre curiosit\u00e9 ! Je r\u00eave de vous rencontrer afin qu&#039;on puisse \u00e9changer sur le sujet pour cerner vos d\u00e9sirs et vos attentes ce qui me permettra de mettre en place une prestation personnalis\u00e9e, qui soit en phase avec vos attentes. En...\" \/>\n<meta property=\"og:url\" content=\"http:\/\/otvayde.cluster030.hosting.ovh.net\/index.php\/photographe-mariage-normandie-bretagne-franche-comte-et-partout-en-france\/\" \/>\n<meta property=\"og:site_name\" content=\"Diphile-Photographie\" \/>\n<meta property=\"article:modified_time\" content=\"2022-08-08T08:23:32+00:00\" \/>\n<meta name=\"twitter:card\" content=\"summary_large_image\" \/>\n<meta name=\"twitter:label1\" content=\"Dur\u00e9e de lecture estim\u00e9e\" \/>\n\t<meta name=\"twitter:data1\" content=\"2 minutes\" \/>\n<script type=\"application\/ld+json\" class=\"yoast-schema-graph\">{\"@context\":\"https:\\\/\\\/schema.org\",\"@graph\":[{\"@type\":\"WebPage\",\"@id\":\"http:\\\/\\\/otvayde.cluster030.hosting.ovh.net\\\/index.php\\\/photographe-mariage-normandie-bretagne-franche-comte-et-partout-en-france\\\/\",\"url\":\"http:\\\/\\\/otvayde.cluster030.hosting.ovh.net\\\/index.php\\\/photographe-mariage-normandie-bretagne-franche-comte-et-partout-en-france\\\/\",\"name\":\"Photographe mariage Normandie, Bretagne, Franche-Comt\u00e9 et partout en France. - Diphile-Photographie\",\"isPartOf\":{\"@id\":\"http:\\\/\\\/otvayde.cluster030.hosting.ovh.net\\\/#website\"},\"datePublished\":\"2022-08-08T08:23:31+00:00\",\"dateModified\":\"2022-08-08T08:23:32+00:00\",\"breadcrumb\":{\"@id\":\"http:\\\/\\\/otvayde.cluster030.hosting.ovh.net\\\/index.php\\\/photographe-mariage-normandie-bretagne-franche-comte-et-partout-en-france\\\/#breadcrumb\"},\"inLanguage\":\"fr-FR\",\"potentialAction\":[{\"@type\":\"ReadAction\",\"target\":[\"http:\\\/\\\/otvayde.cluster030.hosting.ovh.net\\\/index.php\\\/photographe-mariage-normandie-bretagne-franche-comte-et-partout-en-france\\\/\"]}]},{\"@type\":\"BreadcrumbList\",\"@id\":\"http:\\\/\\\/otvayde.cluster030.hosting.ovh.net\\\/index.php\\\/photographe-mariage-normandie-bretagne-franche-comte-et-partout-en-france\\\/#breadcrumb\",\"itemListElement\":[{\"@type\":\"ListItem\",\"position\":1,\"name\":\"Accueil\",\"item\":\"http:\\\/\\\/otvayde.cluster030.hosting.ovh.net\\\/\"},{\"@type\":\"ListItem\",\"position\":2,\"name\":\"Photographe mariage Normandie, Bretagne, Franche-Comt\u00e9 et partout en France.\"}]},{\"@type\":\"WebSite\",\"@id\":\"http:\\\/\\\/otvayde.cluster030.hosting.ovh.net\\\/#website\",\"url\":\"http:\\\/\\\/otvayde.cluster030.hosting.ovh.net\\\/\",\"name\":\"Diphile-Photographie\",\"description\":\"Localis\u00e9e en Normandie, je r\u00e9alise des s\u00e9ances photographique dans toute la France et au-del\u00e0 avec plaisir ! J&#039;aime parler de Photographie Sociale (mariage, portrait, professionnel, artisan, etc.\",\"potentialAction\":[{\"@type\":\"SearchAction\",\"target\":{\"@type\":\"EntryPoint\",\"urlTemplate\":\"http:\\\/\\\/otvayde.cluster030.hosting.ovh.net\\\/?s={search_term_string}\"},\"query-input\":{\"@type\":\"PropertyValueSpecification\",\"valueRequired\":true,\"valueName\":\"search_term_string\"}}],\"inLanguage\":\"fr-FR\"}]}<\/script>\n<!-- \/ Yoast SEO plugin. -->","yoast_head_json":{"title":"Photographe mariage Normandie, Bretagne, Franche-Comt\u00e9 et partout en France. - Diphile-Photographie","robots":{"index":"index","follow":"follow","max-snippet":"max-snippet:-1","max-image-preview":"max-image-preview:large","max-video-preview":"max-video-preview:-1"},"canonical":"http:\/\/otvayde.cluster030.hosting.ovh.net\/index.php\/photographe-mariage-normandie-bretagne-franche-comte-et-partout-en-france\/","og_locale":"fr_FR","og_type":"article","og_title":"Photographe mariage Normandie, Bretagne, Franche-Comt\u00e9 et partout en France. - Diphile-Photographie","og_description":"Vous envisagez de prendre un photographe pour votre mariage et mon travail a piqu\u00e9 votre curiosit\u00e9 ! Je r\u00eave de vous rencontrer afin qu'on puisse \u00e9changer sur le sujet pour cerner vos d\u00e9sirs et vos attentes ce qui me permettra de mettre en place une prestation personnalis\u00e9e, qui soit en phase avec vos attentes. En...","og_url":"http:\/\/otvayde.cluster030.hosting.ovh.net\/index.php\/photographe-mariage-normandie-bretagne-franche-comte-et-partout-en-france\/","og_site_name":"Diphile-Photographie","article_modified_time":"2022-08-08T08:23:32+00:00","twitter_card":"summary_large_image","twitter_misc":{"Dur\u00e9e de lecture estim\u00e9e":"2 minutes"},"schema":{"@context":"https:\/\/schema.org","@graph":[{"@type":"WebPage","@id":"http:\/\/otvayde.cluster030.hosting.ovh.net\/index.php\/photographe-mariage-normandie-bretagne-franche-comte-et-partout-en-france\/","url":"http:\/\/otvayde.cluster030.hosting.ovh.net\/index.php\/photographe-mariage-normandie-bretagne-franche-comte-et-partout-en-france\/","name":"Photographe mariage Normandie, Bretagne, Franche-Comt\u00e9 et partout en France. - Diphile-Photographie","isPartOf":{"@id":"http:\/\/otvayde.cluster030.hosting.ovh.net\/#website"},"datePublished":"2022-08-08T08:23:31+00:00","dateModified":"2022-08-08T08:23:32+00:00","breadcrumb":{"@id":"http:\/\/otvayde.cluster030.hosting.ovh.net\/index.php\/photographe-mariage-normandie-bretagne-franche-comte-et-partout-en-france\/#breadcrumb"},"inLanguage":"fr-FR","potentialAction":[{"@type":"ReadAction","target":["http:\/\/otvayde.cluster030.hosting.ovh.net\/index.php\/photographe-mariage-normandie-bretagne-franche-comte-et-partout-en-france\/"]}]},{"@type":"BreadcrumbList","@id":"http:\/\/otvayde.cluster030.hosting.ovh.net\/index.php\/photographe-mariage-normandie-bretagne-franche-comte-et-partout-en-france\/#breadcrumb","itemListElement":[{"@type":"ListItem","position":1,"name":"Accueil","item":"http:\/\/otvayde.cluster030.hosting.ovh.net\/"},{"@type":"ListItem","position":2,"name":"Photographe mariage Normandie, Bretagne, Franche-Comt\u00e9 et partout en France."}]},{"@type":"WebSite","@id":"http:\/\/otvayde.cluster030.hosting.ovh.net\/#website","url":"http:\/\/otvayde.cluster030.hosting.ovh.net\/","name":"Diphile-Photographie","description":"Localis\u00e9e en Normandie, je r\u00e9alise des s\u00e9ances photographique dans toute la France et au-del\u00e0 avec plaisir ! J&#039;aime parler de Photographie Sociale (mariage, portrait, professionnel, artisan, etc.","potentialAction":[{"@type":"SearchAction","target":{"@type":"EntryPoint","urlTemplate":"http:\/\/otvayde.cluster030.hosting.ovh.net\/?s={search_term_string}"},"query-input":{"@type":"PropertyValueSpecification","valueRequired":true,"valueName":"search_term_string"}}],"inLanguage":"fr-FR"}]}},"_links":{"self":[{"href":"http:\/\/otvayde.cluster030.hosting.ovh.net\/index.php\/wp-json\/wp\/v2\/pages\/41","targetHints":{"allow":["GET"]}}],"collection":[{"href":"http:\/\/otvayde.cluster030.hosting.ovh.net\/index.php\/wp-json\/wp\/v2\/pages"}],"about":[{"href":"http:\/\/otvayde.cluster030.hosting.ovh.net\/index.php\/wp-json\/wp\/v2\/types\/page"}],"author":[{"embeddable":true,"href":"http:\/\/otvayde.cluster030.hosting.ovh.net\/index.php\/wp-json\/wp\/v2\/users\/1"}],"replies":[{"embeddable":true,"href":"http:\/\/otvayde.cluster030.hosting.ovh.net\/index.php\/wp-json\/wp\/v2\/comments?post=41"}],"version-history":[{"count":1,"href":"http:\/\/otvayde.cluster030.hosting.ovh.net\/index.php\/wp-json\/wp\/v2\/pages\/41\/revisions"}],"predecessor-version":[{"id":42,"href":"http:\/\/otvayde.cluster030.hosting.ovh.net\/index.php\/wp-json\/wp\/v2\/pages\/41\/revisions\/42"}],"wp:attachment":[{"href":"http:\/\/otvayde.cluster030.hosting.ovh.net\/index.php\/wp-json\/wp\/v2\/media?parent=41"}],"curies":[{"name":"wp","href":"https:\/\/api.w.org\/{rel}","templated":true}]}}